{"id":2310,"date":"2023-03-06T16:26:41","date_gmt":"2023-03-06T15:26:41","guid":{"rendered":"https:\/\/groupe-sfimmo.ch\/jobangebote\/"},"modified":"2024-08-21T18:44:52","modified_gmt":"2024-08-21T16:44:52","slug":"jobangebote","status":"publish","type":"page","link":"https:\/\/groupe-sfimmo.ch\/de\/jobangebote\/","title":{"rendered":"Jobangebote"},"content":{"rendered":"\n<div \n     class=\"\n        content-wrapper \n        content-wrapper--padding-top-none        content-wrapper--padding-bottom-none \n        content-wrapper--background-color-white \n         \n         \n         \n         \n                \n        banner-slider        \n    \">\n    <div class=\"content-wrapper__anchor\" id=\"\"><\/div>\n    <div class=\"container-fluid \" style=\"margin-top: px; margin-bottom: px;\">\n        <div class=\"acf-innerblocks-container\">\n\n<div \n    class=\"image-module  content-block \">\n            <div class=\"image-module__image\">\n                            <div \n                    class=\"image-module__image__background image-module__image__background--landscape lazyload\n                                        \" \n                    data-bg=\"https:\/\/groupe-sfimmo.ch\/wp-content\/uploads\/sites\/37\/2024\/07\/Immobilier_emplois.jpg\">\n                <\/div>\n                    <\/div>\n    <\/div>\n\n<\/div>\n    <\/div>\n<\/div>\n<div \n     class=\"\n        content-wrapper \n        content-wrapper--padding-top-default        content-wrapper--padding-bottom-default \n        content-wrapper--background-color-white \n         \n         \n         \n         \n                \n                \n    \">\n    <div class=\"content-wrapper__anchor\" id=\"\"><\/div>\n    <div class=\"container \" style=\"margin-top: px; margin-bottom: px;\">\n        <div class=\"acf-innerblocks-container\">\n\n<div class=\"wp-block-columns is-layout-flex wp-container-core-columns-is-layout-28f84493 wp-block-columns-is-layout-flex\">\n<div class=\"wp-block-column is-layout-flow wp-block-column-is-layout-flow\" style=\"flex-basis:16%\"><\/div>\n\n\n\n<div class=\"wp-block-column is-layout-flow wp-block-column-is-layout-flow\"><div class=\"text-module content-block\">\n            <div class=\"text-module__text cs-text-thin \"> \n            <h4>Jobangebote<\/h4>\n<h1>Beteilige dich an unserer Mission<\/h1>\n        <\/div>\n        <\/div>\n\n\n<div class=\"text-module content-block\">\n            <div class=\"text-module__text cs-text-thin  text-module__text--offset \"> \n            <p>Wir haben derzeit zwei offene Stellen<\/p>\n        <\/div>\n        <\/div>\n<\/div>\n\n\n\n<div class=\"wp-block-column is-layout-flow wp-block-column-is-layout-flow\" style=\"flex-basis:16%\"><\/div>\n<\/div>\n\n<\/div>\n    <\/div>\n<\/div>\n<div \n     class=\"\n        content-wrapper \n        content-wrapper--padding-top-none        content-wrapper--padding-bottom-none \n        content-wrapper--background-color-white \n         \n         \n         \n         \n                \n                \n    \">\n    <div class=\"content-wrapper__anchor\" id=\"\"><\/div>\n    <div class=\"container \" style=\"margin-top: px; margin-bottom: px;\">\n        <div class=\"acf-innerblocks-container\">\n<div class=\"blog-module\">\n                    <div class=\"row horizontal-gap-lg\">\n                                    <div class=\"col-lg-12 news-col--padder\">\n                                                    <div class=\"blog-module__blog blog-module__blog--fullwidth\">\n    <a href=\"https:\/\/groupe-sfimmo.ch\/de\/freie-stelle-immobilienmakler-in\/\" class=\"wrapping-link\"><\/a>\n    <div class=\"row\">\n        <div class=\"col-lg-4\">\n            <div class=\"blog-module__blog__image-outer\">\n                                    <div class=\"blog-module__blog__image lazyload\" data-bg=\"https:\/\/groupe-sfimmo.ch\/wp-content\/uploads\/sites\/37\/2024\/07\/article-postevacant-groupesfimmo-1024x698.jpg\">\n                        <a href=\"https:\/\/groupe-sfimmo.ch\/de\/freie-stelle-immobilienmakler-in\/\" class=\"wrapping-link\" aria-label=\"Freie Stelle &#8211; Immobilienmakler\/in\"><\/a>\n                    <\/div>\n                            <\/div> \n        <\/div> \n        <div class=\"col-lg-8 d-flex align blog-module__col\">\n            <div class=\"blog-module__blog__inner\">\n                                \t\n                    <div class=\"blog-module__blog__date\">\n                        3. September 2025                    <\/div>\n                                <h3 class=\"blog-module__blog__title\">\n                    Freie Stelle &#8211; Immobilienmakler\/in                <\/h3>\n                <div class=\"blog-module__blog__excerpt\">\n                    <p>Diese Rolle wird Ihnen in dem Ma\u00dfe angeboten, in dem Ihre ethischen und deontologischen Werte Ihren Alltag beeinflussen. Wenn Sie nach einer M\u00f6glichkeit suchen, bei der Sie f\u00fcr Ihre Leistungen belohnt werden, und Sie einen Unterschied in Ihrem Leben und dem der Menschen, mit denen Sie zusammenarbeiten, machen m\u00f6chten, haben wir eine Gelegenheit f\u00fcr Sie. <\/p>\n                <\/div>\n            <\/div>\n        <\/div>\n    <\/div>\n<\/div>                                            <\/div>\n                                    <div class=\"col-lg-12 news-col--padder\">\n                                                    <div class=\"blog-module__blog blog-module__blog--fullwidth\">\n    <a href=\"https:\/\/groupe-sfimmo.ch\/de\/freie-stelle-geschaeftsvermittler-in\/\" class=\"wrapping-link\"><\/a>\n    <div class=\"row\">\n        <div class=\"col-lg-4\">\n            <div class=\"blog-module__blog__image-outer\">\n                                    <div class=\"blog-module__blog__image lazyload\" data-bg=\"https:\/\/groupe-sfimmo.ch\/wp-content\/uploads\/sites\/37\/2024\/07\/article-postevacant-groupesfimmo-1024x698.jpg\">\n                        <a href=\"https:\/\/groupe-sfimmo.ch\/de\/freie-stelle-geschaeftsvermittler-in\/\" class=\"wrapping-link\" aria-label=\"Freie Stelle &#8211; Gesch\u00e4ftsvermittler\/in\"><\/a>\n                    <\/div>\n                            <\/div> \n        <\/div> \n        <div class=\"col-lg-8 d-flex align blog-module__col\">\n            <div class=\"blog-module__blog__inner\">\n                                \t\n                    <div class=\"blog-module__blog__date\">\n                        3. September 2025                    <\/div>\n                                <h3 class=\"blog-module__blog__title\">\n                    Freie Stelle &#8211; Gesch\u00e4ftsvermittler\/in                <\/h3>\n                <div class=\"blog-module__blog__excerpt\">\n                    <p>Sie kennen jemanden in Ihrem Bekanntenkreis oder in Ihrer Region, der seine Immobilie verkauft? Oder Sie verf\u00fcgen \u00fcber ein gro\u00dfes Netzwerk in Ihrem Bekanntenkreis oder im Rahmen Ihrer beruflichen T\u00e4tigkeit? Sie einen Kontakt zu SFM Immo SA herstellen. Eine vertrauensvolle Beziehung mit uns. <\/p>\n                <\/div>\n            <\/div>\n        <\/div>\n    <\/div>\n<\/div>                                            <\/div>\n                            <\/div>\n        \n<\/div>\n\n<\/div>\n    <\/div>\n<\/div>\n<div \n     class=\"\n        content-wrapper \n        content-wrapper--padding-top-none        content-wrapper--padding-bottom-default \n        content-wrapper--background-color-white \n         \n         \n         \n         \n                \n                \n    \">\n    <div class=\"content-wrapper__anchor\" id=\"\"><\/div>\n    <div class=\"container \" style=\"margin-top: px; margin-bottom: px;\">\n        <div class=\"acf-innerblocks-container\">\n\n<div class=\"wp-block-columns is-layout-flex wp-container-core-columns-is-layout-28f84493 wp-block-columns-is-layout-flex\">\n<div class=\"wp-block-column is-layout-flow wp-block-column-is-layout-flow\"><div class=\"text-module content-block\">\n            <div class=\"text-module__text cs-text-thin \"> \n            <p>Wir sind st\u00e4ndig auf der Suche nach neuen Talenten und Pers\u00f6nlichkeiten. Sollte kein Profil auf Sie zutreffen, senden Sie uns Ihr Bewerbungsschreiben, Ihren Lebenslauf und die \u00fcblichen Unterlagen.<\/p>\n        <\/div>\n        <\/div>\n<\/div>\n<\/div>\n\n<\/div>\n    <\/div>\n<\/div>","protected":false},"excerpt":{"rendered":"","protected":false},"author":1,"featured_media":2313,"parent":0,"menu_order":0,"comment_status":"closed","ping_status":"closed","template":"","meta":{"_acf_changed":false,"inline_featured_image":false,"footnotes":""},"class_list":["post-2310","page","type-page","status-publish","has-post-thumbnail","hentry"],"acf":[],"yoast_head":"<!-- This site is optimized with the Yoast SEO plugin v27.4 - https:\/\/yoast.com\/product\/yoast-seo-wordpress\/ -->\n<title>Jobangebote - Groupe SF Immo<\/title>\n<meta name=\"robots\" content=\"index, follow, max-snippet:-1, max-image-preview:large, max-video-preview:-1\" \/>\n<link rel=\"canonical\" href=\"https:\/\/groupe-sfimmo.ch\/de\/jobangebote\/\" \/>\n<meta property=\"og:locale\" content=\"de_DE\" \/>\n<meta property=\"og:type\" content=\"article\" \/>\n<meta property=\"og:title\" content=\"Jobangebote - Groupe SF Immo\" \/>\n<meta property=\"og:url\" content=\"https:\/\/groupe-sfimmo.ch\/de\/jobangebote\/\" \/>\n<meta property=\"og:site_name\" content=\"Groupe SF Immo\" \/>\n<meta property=\"article:modified_time\" content=\"2024-08-21T16:44:52+00:00\" \/>\n<meta property=\"og:image\" content=\"https:\/\/groupe-sfimmo.ch\/wp-content\/uploads\/sites\/37\/2023\/04\/jason-goodman-Oalh2MojUuk-unsplash-2.jpg\" \/>\n\t<meta property=\"og:image:width\" content=\"1200\" \/>\n\t<meta property=\"og:image:height\" content=\"800\" \/>\n\t<meta property=\"og:image:type\" content=\"image\/jpeg\" \/>\n<meta name=\"twitter:card\" content=\"summary_large_image\" \/>\n<script type=\"application\/ld+json\" class=\"yoast-schema-graph\">{\"@context\":\"https:\\\/\\\/schema.org\",\"@graph\":[{\"@type\":\"WebPage\",\"@id\":\"https:\\\/\\\/groupe-sfimmo.ch\\\/de\\\/jobangebote\\\/\",\"url\":\"https:\\\/\\\/groupe-sfimmo.ch\\\/de\\\/jobangebote\\\/\",\"name\":\"Jobangebote - Groupe SF Immo\",\"isPartOf\":{\"@id\":\"https:\\\/\\\/groupe-sfimmo.ch\\\/de\\\/#website\"},\"primaryImageOfPage\":{\"@id\":\"https:\\\/\\\/groupe-sfimmo.ch\\\/de\\\/jobangebote\\\/#primaryimage\"},\"image\":{\"@id\":\"https:\\\/\\\/groupe-sfimmo.ch\\\/de\\\/jobangebote\\\/#primaryimage\"},\"thumbnailUrl\":\"https:\\\/\\\/groupe-sfimmo.ch\\\/wp-content\\\/uploads\\\/sites\\\/37\\\/2023\\\/04\\\/jason-goodman-Oalh2MojUuk-unsplash-2.jpg\",\"datePublished\":\"2023-03-06T15:26:41+00:00\",\"dateModified\":\"2024-08-21T16:44:52+00:00\",\"inLanguage\":\"de\",\"potentialAction\":[{\"@type\":\"ReadAction\",\"target\":[\"https:\\\/\\\/groupe-sfimmo.ch\\\/de\\\/jobangebote\\\/\"]}]},{\"@type\":\"ImageObject\",\"inLanguage\":\"de\",\"@id\":\"https:\\\/\\\/groupe-sfimmo.ch\\\/de\\\/jobangebote\\\/#primaryimage\",\"url\":\"https:\\\/\\\/groupe-sfimmo.ch\\\/wp-content\\\/uploads\\\/sites\\\/37\\\/2023\\\/04\\\/jason-goodman-Oalh2MojUuk-unsplash-2.jpg\",\"contentUrl\":\"https:\\\/\\\/groupe-sfimmo.ch\\\/wp-content\\\/uploads\\\/sites\\\/37\\\/2023\\\/04\\\/jason-goodman-Oalh2MojUuk-unsplash-2.jpg\",\"width\":1200,\"height\":800},{\"@type\":\"WebSite\",\"@id\":\"https:\\\/\\\/groupe-sfimmo.ch\\\/de\\\/#website\",\"url\":\"https:\\\/\\\/groupe-sfimmo.ch\\\/de\\\/\",\"name\":\"Groupe SF Immo\",\"description\":\"\",\"publisher\":{\"@id\":\"https:\\\/\\\/groupe-sfimmo.ch\\\/de\\\/#organization\"},\"potentialAction\":[{\"@type\":\"SearchAction\",\"target\":{\"@type\":\"EntryPoint\",\"urlTemplate\":\"https:\\\/\\\/groupe-sfimmo.ch\\\/de\\\/?s={search_term_string}\"},\"query-input\":{\"@type\":\"PropertyValueSpecification\",\"valueRequired\":true,\"valueName\":\"search_term_string\"}}],\"inLanguage\":\"de\"},{\"@type\":\"Organization\",\"@id\":\"https:\\\/\\\/groupe-sfimmo.ch\\\/de\\\/#organization\",\"name\":\"Groupe SF Immo\",\"url\":\"https:\\\/\\\/groupe-sfimmo.ch\\\/de\\\/\",\"logo\":{\"@type\":\"ImageObject\",\"inLanguage\":\"de\",\"@id\":\"https:\\\/\\\/groupe-sfimmo.ch\\\/de\\\/#\\\/schema\\\/logo\\\/image\\\/\",\"url\":\"https:\\\/\\\/groupe-sfimmo.ch\\\/wp-content\\\/uploads\\\/sites\\\/37\\\/2025\\\/09\\\/25_Groupe-SF-Immo-SA-1.svg\",\"contentUrl\":\"https:\\\/\\\/groupe-sfimmo.ch\\\/wp-content\\\/uploads\\\/sites\\\/37\\\/2025\\\/09\\\/25_Groupe-SF-Immo-SA-1.svg\",\"width\":1317,\"height\":451,\"caption\":\"Groupe SF Immo\"},\"image\":{\"@id\":\"https:\\\/\\\/groupe-sfimmo.ch\\\/de\\\/#\\\/schema\\\/logo\\\/image\\\/\"}}]}<\/script>\n<!-- \/ Yoast SEO plugin. -->","yoast_head_json":{"title":"Jobangebote - Groupe SF Immo","robots":{"index":"index","follow":"follow","max-snippet":"max-snippet:-1","max-image-preview":"max-image-preview:large","max-video-preview":"max-video-preview:-1"},"canonical":"https:\/\/groupe-sfimmo.ch\/de\/jobangebote\/","og_locale":"de_DE","og_type":"article","og_title":"Jobangebote - Groupe SF Immo","og_url":"https:\/\/groupe-sfimmo.ch\/de\/jobangebote\/","og_site_name":"Groupe SF Immo","article_modified_time":"2024-08-21T16:44:52+00:00","og_image":[{"width":1200,"height":800,"url":"https:\/\/groupe-sfimmo.ch\/wp-content\/uploads\/sites\/37\/2023\/04\/jason-goodman-Oalh2MojUuk-unsplash-2.jpg","type":"image\/jpeg"}],"twitter_card":"summary_large_image","schema":{"@context":"https:\/\/schema.org","@graph":[{"@type":"WebPage","@id":"https:\/\/groupe-sfimmo.ch\/de\/jobangebote\/","url":"https:\/\/groupe-sfimmo.ch\/de\/jobangebote\/","name":"Jobangebote - Groupe SF Immo","isPartOf":{"@id":"https:\/\/groupe-sfimmo.ch\/de\/#website"},"primaryImageOfPage":{"@id":"https:\/\/groupe-sfimmo.ch\/de\/jobangebote\/#primaryimage"},"image":{"@id":"https:\/\/groupe-sfimmo.ch\/de\/jobangebote\/#primaryimage"},"thumbnailUrl":"https:\/\/groupe-sfimmo.ch\/wp-content\/uploads\/sites\/37\/2023\/04\/jason-goodman-Oalh2MojUuk-unsplash-2.jpg","datePublished":"2023-03-06T15:26:41+00:00","dateModified":"2024-08-21T16:44:52+00:00","inLanguage":"de","potentialAction":[{"@type":"ReadAction","target":["https:\/\/groupe-sfimmo.ch\/de\/jobangebote\/"]}]},{"@type":"ImageObject","inLanguage":"de","@id":"https:\/\/groupe-sfimmo.ch\/de\/jobangebote\/#primaryimage","url":"https:\/\/groupe-sfimmo.ch\/wp-content\/uploads\/sites\/37\/2023\/04\/jason-goodman-Oalh2MojUuk-unsplash-2.jpg","contentUrl":"https:\/\/groupe-sfimmo.ch\/wp-content\/uploads\/sites\/37\/2023\/04\/jason-goodman-Oalh2MojUuk-unsplash-2.jpg","width":1200,"height":800},{"@type":"WebSite","@id":"https:\/\/groupe-sfimmo.ch\/de\/#website","url":"https:\/\/groupe-sfimmo.ch\/de\/","name":"Groupe SF Immo","description":"","publisher":{"@id":"https:\/\/groupe-sfimmo.ch\/de\/#organization"},"potentialAction":[{"@type":"SearchAction","target":{"@type":"EntryPoint","urlTemplate":"https:\/\/groupe-sfimmo.ch\/de\/?s={search_term_string}"},"query-input":{"@type":"PropertyValueSpecification","valueRequired":true,"valueName":"search_term_string"}}],"inLanguage":"de"},{"@type":"Organization","@id":"https:\/\/groupe-sfimmo.ch\/de\/#organization","name":"Groupe SF Immo","url":"https:\/\/groupe-sfimmo.ch\/de\/","logo":{"@type":"ImageObject","inLanguage":"de","@id":"https:\/\/groupe-sfimmo.ch\/de\/#\/schema\/logo\/image\/","url":"https:\/\/groupe-sfimmo.ch\/wp-content\/uploads\/sites\/37\/2025\/09\/25_Groupe-SF-Immo-SA-1.svg","contentUrl":"https:\/\/groupe-sfimmo.ch\/wp-content\/uploads\/sites\/37\/2025\/09\/25_Groupe-SF-Immo-SA-1.svg","width":1317,"height":451,"caption":"Groupe SF Immo"},"image":{"@id":"https:\/\/groupe-sfimmo.ch\/de\/#\/schema\/logo\/image\/"}}]}},"_links":{"self":[{"href":"https:\/\/groupe-sfimmo.ch\/de\/wp-json\/wp\/v2\/pages\/2310","targetHints":{"allow":["GET"]}}],"collection":[{"href":"https:\/\/groupe-sfimmo.ch\/de\/wp-json\/wp\/v2\/pages"}],"about":[{"href":"https:\/\/groupe-sfimmo.ch\/de\/wp-json\/wp\/v2\/types\/page"}],"author":[{"embeddable":true,"href":"https:\/\/groupe-sfimmo.ch\/de\/wp-json\/wp\/v2\/users\/1"}],"replies":[{"embeddable":true,"href":"https:\/\/groupe-sfimmo.ch\/de\/wp-json\/wp\/v2\/comments?post=2310"}],"version-history":[{"count":0,"href":"https:\/\/groupe-sfimmo.ch\/de\/wp-json\/wp\/v2\/pages\/2310\/revisions"}],"wp:featuredmedia":[{"embeddable":true,"href":"https:\/\/groupe-sfimmo.ch\/de\/wp-json\/wp\/v2\/media\/2313"}],"wp:attachment":[{"href":"https:\/\/groupe-sfimmo.ch\/de\/wp-json\/wp\/v2\/media?parent=2310"}],"curies":[{"name":"wp","href":"https:\/\/api.w.org\/{rel}","templated":true}]}}