{"id":4424,"date":"2026-03-17T11:09:34","date_gmt":"2026-03-17T10:09:34","guid":{"rendered":"https:\/\/groupe-sfimmo.ch\/immobilien\/1723307de-belle-surface-lumineuse-ideal-pour-bureau-ou-cabinet-medical\/"},"modified":"2026-03-17T21:22:58","modified_gmt":"2026-03-17T20:22:58","slug":"1723307de-belle-surface-lumineuse-ideal-pour-bureau-ou-cabinet-medical","status":"publish","type":"casawp_property","link":"https:\/\/groupe-sfimmo.ch\/de\/immobilien\/1723307de-belle-surface-lumineuse-ideal-pour-bureau-ou-cabinet-medical\/","title":{"rendered":"Belle surface lumineuse &#8211; Id\u00e9al pour bureau ou cabinet m\u00e9dical !"},"content":{"rendered":"<p>Magnifique surface \u00e0 louer au 3\u00e8me \u00e9tage d&#8217;un immeuble commercial, id\u00e9alement situ\u00e9 en plein centre ville, avec beaucoup de passage. Locaux lumineux. Proche de toutes commodit\u00e9s, des transports publics (bus et trains) et du parking public de la gare. Compos\u00e9 de 3 pi\u00e8ces et 1 cuisinette. Id\u00e9al pour cabinet m\u00e9dical ou bureaux.<\/p>\n","protected":false},"excerpt":{"rendered":"<p>Magnifique surface \u00e0 louer au 3\u00e8me \u00e9tage d&#8217;un immeuble commercial, id\u00e9alement situ\u00e9 en plein centre ville, avec beaucoup de passage. Locaux lumineux. Proche de toutes commodit\u00e9s, des transports  \u2026<\/p>\n","protected":false},"author":0,"featured_media":4425,"parent":0,"menu_order":1,"comment_status":"closed","ping_status":"closed","template":"","meta":{"_acf_changed":false,"inline_featured_image":false,"footnotes":""},"casawp_category":[45],"casawp_feature":[37],"casawp_utility":[46],"casawp_location":[42,43,47],"casawp_salestype":[40],"casawp_availability":[41],"casawp_region":[],"class_list":["post-4424","casawp_property","type-casawp_property","status-publish","has-post-thumbnail","hentry","casawp_category-office","casawp_feature-has-elevator","casawp_utility-commercial","casawp_location-country_ch","casawp_location-region_vd","casawp_location-locality_yverdon-les-bains","casawp_salestype-rent","casawp_availability-active"],"acf":[],"yoast_head":"<!-- This site is optimized with the Yoast SEO plugin v27.4 - https:\/\/yoast.com\/product\/yoast-seo-wordpress\/ -->\n<title>Belle surface lumineuse - Id\u00e9al pour bureau ou cabinet m\u00e9dical ! - Groupe SF Immo<\/title>\n<meta name=\"robots\" content=\"index, follow, max-snippet:-1, max-image-preview:large, max-video-preview:-1\" \/>\n<link rel=\"canonical\" href=\"https:\/\/groupe-sfimmo.ch\/de\/immobilien\/1723307de-belle-surface-lumineuse-ideal-pour-bureau-ou-cabinet-medical\/\" \/>\n<meta property=\"og:locale\" content=\"de_DE\" \/>\n<meta property=\"og:type\" content=\"article\" \/>\n<meta property=\"og:title\" content=\"Belle surface lumineuse - Id\u00e9al pour bureau ou cabinet m\u00e9dical ! - Groupe SF Immo\" \/>\n<meta property=\"og:description\" content=\"Magnifique surface \u00e0 louer au 3\u00e8me \u00e9tage d&#039;un immeuble commercial, id\u00e9alement situ\u00e9 en plein centre ville, avec beaucoup de passage. Locaux lumineux. Proche de toutes commodit\u00e9s, des transports \u2026\" \/>\n<meta property=\"og:url\" content=\"https:\/\/groupe-sfimmo.ch\/de\/immobilien\/1723307de-belle-surface-lumineuse-ideal-pour-bureau-ou-cabinet-medical\/\" \/>\n<meta property=\"og:site_name\" content=\"Groupe SF Immo\" \/>\n<meta property=\"article:modified_time\" content=\"2026-03-17T20:22:58+00:00\" \/>\n<meta name=\"twitter:card\" content=\"summary_large_image\" \/>\n<script type=\"application\/ld+json\" class=\"yoast-schema-graph\">{\"@context\":\"https:\\\/\\\/schema.org\",\"@graph\":[{\"@type\":\"WebPage\",\"@id\":\"https:\\\/\\\/groupe-sfimmo.ch\\\/de\\\/immobilien\\\/1723307de-belle-surface-lumineuse-ideal-pour-bureau-ou-cabinet-medical\\\/\",\"url\":\"https:\\\/\\\/groupe-sfimmo.ch\\\/de\\\/immobilien\\\/1723307de-belle-surface-lumineuse-ideal-pour-bureau-ou-cabinet-medical\\\/\",\"name\":\"Belle surface lumineuse - Id\u00e9al pour bureau ou cabinet m\u00e9dical ! - Groupe SF Immo\",\"isPartOf\":{\"@id\":\"https:\\\/\\\/groupe-sfimmo.ch\\\/de\\\/#website\"},\"primaryImageOfPage\":{\"@id\":\"https:\\\/\\\/groupe-sfimmo.ch\\\/de\\\/immobilien\\\/1723307de-belle-surface-lumineuse-ideal-pour-bureau-ou-cabinet-medical\\\/#primaryimage\"},\"image\":{\"@id\":\"https:\\\/\\\/groupe-sfimmo.ch\\\/de\\\/immobilien\\\/1723307de-belle-surface-lumineuse-ideal-pour-bureau-ou-cabinet-medical\\\/#primaryimage\"},\"thumbnailUrl\":\"https:\\\/\\\/cdn.casasoft.com\\\/media\\\/provider-14050\\\/property-1723307\\\/ff0000000034211573.jpg?p=xl\",\"datePublished\":\"2026-03-17T10:09:34+00:00\",\"dateModified\":\"2026-03-17T20:22:58+00:00\",\"breadcrumb\":{\"@id\":\"https:\\\/\\\/groupe-sfimmo.ch\\\/de\\\/immobilien\\\/1723307de-belle-surface-lumineuse-ideal-pour-bureau-ou-cabinet-medical\\\/#breadcrumb\"},\"inLanguage\":\"de\",\"potentialAction\":[{\"@type\":\"ReadAction\",\"target\":[\"https:\\\/\\\/groupe-sfimmo.ch\\\/de\\\/immobilien\\\/1723307de-belle-surface-lumineuse-ideal-pour-bureau-ou-cabinet-medical\\\/\"]}]},{\"@type\":\"ImageObject\",\"inLanguage\":\"de\",\"@id\":\"https:\\\/\\\/groupe-sfimmo.ch\\\/de\\\/immobilien\\\/1723307de-belle-surface-lumineuse-ideal-pour-bureau-ou-cabinet-medical\\\/#primaryimage\",\"url\":\"https:\\\/\\\/cdn.casasoft.com\\\/media\\\/provider-14050\\\/property-1723307\\\/ff0000000034211573.jpg?p=xl\",\"contentUrl\":\"https:\\\/\\\/cdn.casasoft.com\\\/media\\\/provider-14050\\\/property-1723307\\\/ff0000000034211573.jpg?p=xl\",\"caption\":\"Immeuble c\u00f4t\u00e9 Lac\"},{\"@type\":\"BreadcrumbList\",\"@id\":\"https:\\\/\\\/groupe-sfimmo.ch\\\/de\\\/immobilien\\\/1723307de-belle-surface-lumineuse-ideal-pour-bureau-ou-cabinet-medical\\\/#breadcrumb\",\"itemListElement\":[{\"@type\":\"ListItem\",\"position\":1,\"name\":\"Immobilien\",\"item\":\"https:\\\/\\\/groupe-sfimmo.ch\\\/de\\\/immobilien\\\/\"},{\"@type\":\"ListItem\",\"position\":2,\"name\":\"Belle surface lumineuse &#8211; Id\u00e9al pour bureau ou cabinet m\u00e9dical !\"}]},{\"@type\":\"WebSite\",\"@id\":\"https:\\\/\\\/groupe-sfimmo.ch\\\/de\\\/#website\",\"url\":\"https:\\\/\\\/groupe-sfimmo.ch\\\/de\\\/\",\"name\":\"Groupe SF Immo\",\"description\":\"\",\"publisher\":{\"@id\":\"https:\\\/\\\/groupe-sfimmo.ch\\\/de\\\/#organization\"},\"potentialAction\":[{\"@type\":\"SearchAction\",\"target\":{\"@type\":\"EntryPoint\",\"urlTemplate\":\"https:\\\/\\\/groupe-sfimmo.ch\\\/de\\\/?s={search_term_string}\"},\"query-input\":{\"@type\":\"PropertyValueSpecification\",\"valueRequired\":true,\"valueName\":\"search_term_string\"}}],\"inLanguage\":\"de\"},{\"@type\":\"Organization\",\"@id\":\"https:\\\/\\\/groupe-sfimmo.ch\\\/de\\\/#organization\",\"name\":\"Groupe SF Immo\",\"url\":\"https:\\\/\\\/groupe-sfimmo.ch\\\/de\\\/\",\"logo\":{\"@type\":\"ImageObject\",\"inLanguage\":\"de\",\"@id\":\"https:\\\/\\\/groupe-sfimmo.ch\\\/de\\\/#\\\/schema\\\/logo\\\/image\\\/\",\"url\":\"https:\\\/\\\/groupe-sfimmo.ch\\\/wp-content\\\/uploads\\\/sites\\\/37\\\/2025\\\/09\\\/25_Groupe-SF-Immo-SA-1.svg\",\"contentUrl\":\"https:\\\/\\\/groupe-sfimmo.ch\\\/wp-content\\\/uploads\\\/sites\\\/37\\\/2025\\\/09\\\/25_Groupe-SF-Immo-SA-1.svg\",\"width\":1317,\"height\":451,\"caption\":\"Groupe SF Immo\"},\"image\":{\"@id\":\"https:\\\/\\\/groupe-sfimmo.ch\\\/de\\\/#\\\/schema\\\/logo\\\/image\\\/\"}}]}<\/script>\n<!-- \/ Yoast SEO plugin. -->","yoast_head_json":{"title":"Belle surface lumineuse - Id\u00e9al pour bureau ou cabinet m\u00e9dical ! - Groupe SF Immo","robots":{"index":"index","follow":"follow","max-snippet":"max-snippet:-1","max-image-preview":"max-image-preview:large","max-video-preview":"max-video-preview:-1"},"canonical":"https:\/\/groupe-sfimmo.ch\/de\/immobilien\/1723307de-belle-surface-lumineuse-ideal-pour-bureau-ou-cabinet-medical\/","og_locale":"de_DE","og_type":"article","og_title":"Belle surface lumineuse - Id\u00e9al pour bureau ou cabinet m\u00e9dical ! - Groupe SF Immo","og_description":"Magnifique surface \u00e0 louer au 3\u00e8me \u00e9tage d'un immeuble commercial, id\u00e9alement situ\u00e9 en plein centre ville, avec beaucoup de passage. Locaux lumineux. Proche de toutes commodit\u00e9s, des transports \u2026","og_url":"https:\/\/groupe-sfimmo.ch\/de\/immobilien\/1723307de-belle-surface-lumineuse-ideal-pour-bureau-ou-cabinet-medical\/","og_site_name":"Groupe SF Immo","article_modified_time":"2026-03-17T20:22:58+00:00","twitter_card":"summary_large_image","schema":{"@context":"https:\/\/schema.org","@graph":[{"@type":"WebPage","@id":"https:\/\/groupe-sfimmo.ch\/de\/immobilien\/1723307de-belle-surface-lumineuse-ideal-pour-bureau-ou-cabinet-medical\/","url":"https:\/\/groupe-sfimmo.ch\/de\/immobilien\/1723307de-belle-surface-lumineuse-ideal-pour-bureau-ou-cabinet-medical\/","name":"Belle surface lumineuse - Id\u00e9al pour bureau ou cabinet m\u00e9dical ! - Groupe SF Immo","isPartOf":{"@id":"https:\/\/groupe-sfimmo.ch\/de\/#website"},"primaryImageOfPage":{"@id":"https:\/\/groupe-sfimmo.ch\/de\/immobilien\/1723307de-belle-surface-lumineuse-ideal-pour-bureau-ou-cabinet-medical\/#primaryimage"},"image":{"@id":"https:\/\/groupe-sfimmo.ch\/de\/immobilien\/1723307de-belle-surface-lumineuse-ideal-pour-bureau-ou-cabinet-medical\/#primaryimage"},"thumbnailUrl":"https:\/\/cdn.casasoft.com\/media\/provider-14050\/property-1723307\/ff0000000034211573.jpg?p=xl","datePublished":"2026-03-17T10:09:34+00:00","dateModified":"2026-03-17T20:22:58+00:00","breadcrumb":{"@id":"https:\/\/groupe-sfimmo.ch\/de\/immobilien\/1723307de-belle-surface-lumineuse-ideal-pour-bureau-ou-cabinet-medical\/#breadcrumb"},"inLanguage":"de","potentialAction":[{"@type":"ReadAction","target":["https:\/\/groupe-sfimmo.ch\/de\/immobilien\/1723307de-belle-surface-lumineuse-ideal-pour-bureau-ou-cabinet-medical\/"]}]},{"@type":"ImageObject","inLanguage":"de","@id":"https:\/\/groupe-sfimmo.ch\/de\/immobilien\/1723307de-belle-surface-lumineuse-ideal-pour-bureau-ou-cabinet-medical\/#primaryimage","url":"https:\/\/cdn.casasoft.com\/media\/provider-14050\/property-1723307\/ff0000000034211573.jpg?p=xl","contentUrl":"https:\/\/cdn.casasoft.com\/media\/provider-14050\/property-1723307\/ff0000000034211573.jpg?p=xl","caption":"Immeuble c\u00f4t\u00e9 Lac"},{"@type":"BreadcrumbList","@id":"https:\/\/groupe-sfimmo.ch\/de\/immobilien\/1723307de-belle-surface-lumineuse-ideal-pour-bureau-ou-cabinet-medical\/#breadcrumb","itemListElement":[{"@type":"ListItem","position":1,"name":"Immobilien","item":"https:\/\/groupe-sfimmo.ch\/de\/immobilien\/"},{"@type":"ListItem","position":2,"name":"Belle surface lumineuse &#8211; Id\u00e9al pour bureau ou cabinet m\u00e9dical !"}]},{"@type":"WebSite","@id":"https:\/\/groupe-sfimmo.ch\/de\/#website","url":"https:\/\/groupe-sfimmo.ch\/de\/","name":"Groupe SF Immo","description":"","publisher":{"@id":"https:\/\/groupe-sfimmo.ch\/de\/#organization"},"potentialAction":[{"@type":"SearchAction","target":{"@type":"EntryPoint","urlTemplate":"https:\/\/groupe-sfimmo.ch\/de\/?s={search_term_string}"},"query-input":{"@type":"PropertyValueSpecification","valueRequired":true,"valueName":"search_term_string"}}],"inLanguage":"de"},{"@type":"Organization","@id":"https:\/\/groupe-sfimmo.ch\/de\/#organization","name":"Groupe SF Immo","url":"https:\/\/groupe-sfimmo.ch\/de\/","logo":{"@type":"ImageObject","inLanguage":"de","@id":"https:\/\/groupe-sfimmo.ch\/de\/#\/schema\/logo\/image\/","url":"https:\/\/groupe-sfimmo.ch\/wp-content\/uploads\/sites\/37\/2025\/09\/25_Groupe-SF-Immo-SA-1.svg","contentUrl":"https:\/\/groupe-sfimmo.ch\/wp-content\/uploads\/sites\/37\/2025\/09\/25_Groupe-SF-Immo-SA-1.svg","width":1317,"height":451,"caption":"Groupe SF Immo"},"image":{"@id":"https:\/\/groupe-sfimmo.ch\/de\/#\/schema\/logo\/image\/"}}]}},"_links":{"self":[{"href":"https:\/\/groupe-sfimmo.ch\/de\/wp-json\/wp\/v2\/casawp_property\/4424","targetHints":{"allow":["GET"]}}],"collection":[{"href":"https:\/\/groupe-sfimmo.ch\/de\/wp-json\/wp\/v2\/casawp_property"}],"about":[{"href":"https:\/\/groupe-sfimmo.ch\/de\/wp-json\/wp\/v2\/types\/casawp_property"}],"replies":[{"embeddable":true,"href":"https:\/\/groupe-sfimmo.ch\/de\/wp-json\/wp\/v2\/comments?post=4424"}],"version-history":[{"count":0,"href":"https:\/\/groupe-sfimmo.ch\/de\/wp-json\/wp\/v2\/casawp_property\/4424\/revisions"}],"wp:featuredmedia":[{"embeddable":true,"href":"https:\/\/groupe-sfimmo.ch\/de\/wp-json\/wp\/v2\/media\/4425"}],"wp:attachment":[{"href":"https:\/\/groupe-sfimmo.ch\/de\/wp-json\/wp\/v2\/media?parent=4424"}],"wp:term":[{"taxonomy":"casawp_category","embeddable":true,"href":"https:\/\/groupe-sfimmo.ch\/de\/wp-json\/wp\/v2\/casawp_category?post=4424"},{"taxonomy":"casawp_feature","embeddable":true,"href":"https:\/\/groupe-sfimmo.ch\/de\/wp-json\/wp\/v2\/casawp_feature?post=4424"},{"taxonomy":"casawp_utility","embeddable":true,"href":"https:\/\/groupe-sfimmo.ch\/de\/wp-json\/wp\/v2\/casawp_utility?post=4424"},{"taxonomy":"casawp_location","embeddable":true,"href":"https:\/\/groupe-sfimmo.ch\/de\/wp-json\/wp\/v2\/casawp_location?post=4424"},{"taxonomy":"casawp_salestype","embeddable":true,"href":"https:\/\/groupe-sfimmo.ch\/de\/wp-json\/wp\/v2\/casawp_salestype?post=4424"},{"taxonomy":"casawp_availability","embeddable":true,"href":"https:\/\/groupe-sfimmo.ch\/de\/wp-json\/wp\/v2\/casawp_availability?post=4424"},{"taxonomy":"casawp_region","embeddable":true,"href":"https:\/\/groupe-sfimmo.ch\/de\/wp-json\/wp\/v2\/casawp_region?post=4424"}],"curies":[{"name":"wp","href":"https:\/\/api.w.org\/{rel}","templated":true}]}}